{"id":7,"date":"2019-04-16T10:18:11","date_gmt":"2019-04-16T10:18:11","guid":{"rendered":"https:\/\/magnasaludcolombia.com\/index.php\/dental-services\/"},"modified":"2025-08-19T09:49:17","modified_gmt":"2025-08-19T14:49:17","slug":"dental-services","status":"publish","type":"page","link":"https:\/\/magnasaludcolombia.com\/","title":{"rendered":"Dental Services"},"content":{"rendered":"<section class=\"wpb-content-wrapper\"><p>[vc_row][vc_column][tm_spacer size=\u00bblg:120&#8243;]\n\t\t\t<!-- START Slider 1 REVOLUTION SLIDER 6.6.7 --><p class=\"rs-p-wp-fix\"><\/p>\n\t\t\t<rs-module-wrap id=\"rev_slider_19_1_wrapper\" data-source=\"gallery\" style=\"visibility:hidden;background:transparent;padding:0;margin:0px auto;margin-top:0;margin-bottom:0;\">\n\t\t\t\t<rs-module id=\"rev_slider_19_1\" style=\"\" data-version=\"6.6.7\">\n\t\t\t\t\t<rs-slides style=\"overflow: hidden; position: absolute;\">\n\t\t\t\t\t\t<rs-slide style=\"position: absolute;\" data-key=\"rs-50\" data-title=\"Slide\" data-in=\"o:0;\" data-out=\"a:false;\">\n\t\t\t\t\t\t\t<img src=\"\/\/magnasaludcolombia.com\/wp-content\/plugins\/revslider\/public\/assets\/assets\/dummy.png\" alt=\"Slide\" title=\"Dental Services\" class=\"rev-slidebg tp-rs-img rs-lazyload\" data-lazyload=\"\/\/magnasaludcolombia.com\/wp-content\/plugins\/revslider\/public\/assets\/assets\/transparent.png\" data-no-retina>\n<!--\n\t\t\t\t\t\t\t--><rs-layer\n\t\t\t\t\t\t\t\tid=\"slider-19-slide-50-layer-0\" \n\t\t\t\t\t\t\t\tdata-type=\"image\"\n\t\t\t\t\t\t\t\tdata-rsp_ch=\"on\"\n\t\t\t\t\t\t\t\tdata-xy=\"x:-1px;\"\n\t\t\t\t\t\t\t\tdata-text=\"w:normal;\"\n\t\t\t\t\t\t\t\tdata-dim=\"w:1900px;h:920px;\"\n\t\t\t\t\t\t\t\tdata-frame_999=\"o:0;st:w;\"\n\t\t\t\t\t\t\t\tstyle=\"z-index:5;\"\n\t\t\t\t\t\t\t><img src=\"\/\/magnasaludcolombia.com\/wp-content\/plugins\/revslider\/public\/assets\/assets\/dummy.png\" alt=\"\" class=\"tp-rs-img rs-lazyload\" width=\"1900\" height=\"920\" data-lazyload=\"\/\/magnasaludcolombia.com\/wp-content\/uploads\/2022\/12\/logo-magna-salud-rehabilitacion-slider-3.jpg\" data-no-retina> \n\t\t\t\t\t\t\t<\/rs-layer><!--\n-->\t\t\t\t\t\t<\/rs-slide>\n\t\t\t\t\t\t<rs-slide style=\"position: absolute;\" data-key=\"rs-47\" data-title=\"Slide\" data-in=\"o:0;\" data-out=\"a:false;\">\n\t\t\t\t\t\t\t<img src=\"\/\/magnasaludcolombia.com\/wp-content\/plugins\/revslider\/public\/assets\/assets\/dummy.png\" alt=\"Slide\" title=\"Dental Services\" class=\"rev-slidebg tp-rs-img rs-lazyload\" data-lazyload=\"\/\/magnasaludcolombia.com\/wp-content\/plugins\/revslider\/public\/assets\/assets\/transparent.png\" data-no-retina>\n<!--\n\t\t\t\t\t\t\t--><rs-layer\n\t\t\t\t\t\t\t\tid=\"slider-19-slide-47-layer-0\" \n\t\t\t\t\t\t\t\tdata-type=\"image\"\n\t\t\t\t\t\t\t\tdata-rsp_ch=\"on\"\n\t\t\t\t\t\t\t\tdata-xy=\"x:-1px;\"\n\t\t\t\t\t\t\t\tdata-text=\"w:normal;\"\n\t\t\t\t\t\t\t\tdata-dim=\"w:1900px;h:920px;\"\n\t\t\t\t\t\t\t\tdata-frame_999=\"o:0;st:w;\"\n\t\t\t\t\t\t\t\tstyle=\"z-index:5;\"\n\t\t\t\t\t\t\t><img src=\"\/\/magnasaludcolombia.com\/wp-content\/plugins\/revslider\/public\/assets\/assets\/dummy.png\" alt=\"\" class=\"tp-rs-img rs-lazyload\" width=\"1900\" height=\"920\" data-lazyload=\"\/\/magnasaludcolombia.com\/wp-content\/uploads\/2022\/12\/magna-salud-rehabilitacion-slider-2.jpg\" data-no-retina> \n\t\t\t\t\t\t\t<\/rs-layer><!--\n-->\t\t\t\t\t\t<\/rs-slide>\n\t\t\t\t\t\t<rs-slide style=\"position: absolute;\" data-key=\"rs-48\" data-title=\"Slide\" data-in=\"o:0;\" data-out=\"a:false;\">\n\t\t\t\t\t\t\t<img src=\"\/\/magnasaludcolombia.com\/wp-content\/plugins\/revslider\/public\/assets\/assets\/dummy.png\" alt=\"Slide\" title=\"Dental Services\" class=\"rev-slidebg tp-rs-img rs-lazyload\" data-lazyload=\"\/\/magnasaludcolombia.com\/wp-content\/plugins\/revslider\/public\/assets\/assets\/transparent.png\" data-no-retina>\n<!--\n\t\t\t\t\t\t\t--><rs-layer\n\t\t\t\t\t\t\t\tid=\"slider-19-slide-48-layer-0\" \n\t\t\t\t\t\t\t\tdata-type=\"image\"\n\t\t\t\t\t\t\t\tdata-rsp_ch=\"on\"\n\t\t\t\t\t\t\t\tdata-xy=\"x:-1px;\"\n\t\t\t\t\t\t\t\tdata-text=\"w:normal;\"\n\t\t\t\t\t\t\t\tdata-dim=\"w:1900px;h:920px;\"\n\t\t\t\t\t\t\t\tdata-frame_999=\"o:0;st:w;\"\n\t\t\t\t\t\t\t\tstyle=\"z-index:5;\"\n\t\t\t\t\t\t\t><img src=\"\/\/magnasaludcolombia.com\/wp-content\/plugins\/revslider\/public\/assets\/assets\/dummy.png\" alt=\"\" class=\"tp-rs-img rs-lazyload\" width=\"1900\" height=\"920\" data-lazyload=\"\/\/magnasaludcolombia.com\/wp-content\/uploads\/2022\/12\/magna-salud-psicologia-slider-2.jpg\" data-no-retina> \n\t\t\t\t\t\t\t<\/rs-layer><!--\n-->\t\t\t\t\t\t<\/rs-slide>\n\t\t\t\t\t\t<rs-slide style=\"position: absolute;\" data-key=\"rs-49\" data-title=\"Slide\" data-in=\"o:0;\" data-out=\"a:false;\">\n\t\t\t\t\t\t\t<img src=\"\/\/magnasaludcolombia.com\/wp-content\/plugins\/revslider\/public\/assets\/assets\/dummy.png\" alt=\"Slide\" title=\"Dental Services\" class=\"rev-slidebg tp-rs-img rs-lazyload\" data-lazyload=\"\/\/magnasaludcolombia.com\/wp-content\/plugins\/revslider\/public\/assets\/assets\/transparent.png\" data-no-retina>\n<!--\n\t\t\t\t\t\t\t--><rs-layer\n\t\t\t\t\t\t\t\tid=\"slider-19-slide-49-layer-0\" \n\t\t\t\t\t\t\t\tdata-type=\"image\"\n\t\t\t\t\t\t\t\tdata-rsp_ch=\"on\"\n\t\t\t\t\t\t\t\tdata-xy=\"x:-1px;\"\n\t\t\t\t\t\t\t\tdata-text=\"w:normal;\"\n\t\t\t\t\t\t\t\tdata-dim=\"w:1900px;h:920px;\"\n\t\t\t\t\t\t\t\tdata-frame_999=\"o:0;st:w;\"\n\t\t\t\t\t\t\t\tstyle=\"z-index:5;\"\n\t\t\t\t\t\t\t><img src=\"\/\/magnasaludcolombia.com\/wp-content\/plugins\/revslider\/public\/assets\/assets\/dummy.png\" alt=\"\" class=\"tp-rs-img rs-lazyload\" width=\"1900\" height=\"920\" data-lazyload=\"\/\/magnasaludcolombia.com\/wp-content\/uploads\/2022\/12\/magna-salud-hipertension-1.jpg\" data-no-retina> \n\t\t\t\t\t\t\t<\/rs-layer><!--\n-->\t\t\t\t\t\t<\/rs-slide>\n\t\t\t\t\t\t<rs-slide style=\"position: absolute;\" data-key=\"rs-51\" data-title=\"Slide\" data-in=\"o:0;\" data-out=\"a:false;\">\n\t\t\t\t\t\t\t<img src=\"\/\/magnasaludcolombia.com\/wp-content\/plugins\/revslider\/public\/assets\/assets\/dummy.png\" alt=\"Slide\" title=\"Dental Services\" class=\"rev-slidebg tp-rs-img rs-lazyload\" data-lazyload=\"\/\/magnasaludcolombia.com\/wp-content\/plugins\/revslider\/public\/assets\/assets\/transparent.png\" data-no-retina>\n<!--\n\t\t\t\t\t\t\t--><rs-layer\n\t\t\t\t\t\t\t\tid=\"slider-19-slide-51-layer-0\" \n\t\t\t\t\t\t\t\tdata-type=\"image\"\n\t\t\t\t\t\t\t\tdata-rsp_ch=\"on\"\n\t\t\t\t\t\t\t\tdata-xy=\"x:-1px;\"\n\t\t\t\t\t\t\t\tdata-text=\"w:normal;\"\n\t\t\t\t\t\t\t\tdata-dim=\"w:1900px;h:920px;\"\n\t\t\t\t\t\t\t\tdata-frame_999=\"o:0;st:w;\"\n\t\t\t\t\t\t\t\tstyle=\"z-index:5;\"\n\t\t\t\t\t\t\t><img src=\"\/\/magnasaludcolombia.com\/wp-content\/plugins\/revslider\/public\/assets\/assets\/dummy.png\" alt=\"\" class=\"tp-rs-img rs-lazyload\" width=\"1900\" height=\"920\" data-lazyload=\"\/\/magnasaludcolombia.com\/wp-content\/uploads\/2022\/12\/magna-salud-rehabilitacion-slider-1.jpg\" data-no-retina> \n\t\t\t\t\t\t\t<\/rs-layer><!--\n-->\t\t\t\t\t\t<\/rs-slide>\n\t\t\t\t\t<\/rs-slides>\n\t\t\t\t<\/rs-module>\n\t\t\t\t<script>\n\t\t\t\t\tsetREVStartSize({c: 'rev_slider_19_1',rl:[1240,1024,778,480],el:[920],gw:[1920],gh:[920],type:'standard',justify:'',layout:'fullwidth',mh:\"0\"});if (window.RS_MODULES!==undefined && window.RS_MODULES.modules!==undefined && window.RS_MODULES.modules[\"revslider191\"]!==undefined) {window.RS_MODULES.modules[\"revslider191\"].once = false;window.revapi19 = undefined;if (window.RS_MODULES.checkMinimal!==undefined) window.RS_MODULES.checkMinimal()}\n\t\t\t\t<\/script>\n\t\t\t<\/rs-module-wrap>\n\t\t\t<!-- END REVOLUTION SLIDER -->\n[\/vc_column][\/vc_row][vc_row][vc_column][tm_spacer size=\u00bblg:70&#8243;][tm_heading custom_google_font=\u00bb\u00bb align=\u00bbcenter\u00bb text=\u00bbUn poco de nuestra historia\u00bb font_size=\u00bbxs:36;sm:36;lg:42&#8243;][\/vc_column][\/vc_row][vc_row full_width=\u00bbstretch_row_content\u00bb content_placement=\u00bbmiddle\u00bb lg_spacing=\u00bbpadding_top:30;padding_bottom:30&#8243; gutter=\u00bbsm:30;md:50;lg:70&#8243;][vc_column offset=\u00bbvc_col-lg-6&#8243;][vc_row_inner content_alignment=\u00bbcenter\u00bb max_width=\u00bb800px\u00bb][vc_column_inner][vc_column_text]<\/p>\n<p style=\"text-align: justify;\">MAGNA SALUD nace el 01 de marzo del 2011, brindando otra alternativa en la prestaci\u00f3n de servicios de salud en el \u00e1rea de la Rehabilitaci\u00f3n Integral para el municipio de Tulu\u00e1 y su zona de influencia.<\/p>\n<p style=\"text-align: justify;\">Iniciamos nuestra operaci\u00f3n con cuatro servicios, Terapia F\u00edsica, Terapia Respiratoria, Terapia Ocupacional y Terapia de Lenguaje, con el transcurrir de los a\u00f1os hemos incorporado otros servicios como Nutrici\u00f3n, Psicolog\u00eda, Medicina F\u00edsica y Rehabilitaci\u00f3n (fisiatr\u00eda), Terapia Acu\u00e1tica, Rehabilitaci\u00f3n de Piso P\u00e9lvico, Rehabilitaci\u00f3n Cardiaca, Rehabilitaci\u00f3n Pulmonar, Terapia de Neurodesarrollo, Neuropsicolog\u00eda, logrando as\u00ed contribuir en el mejoramiento de la calidad de vida de muchos usuarios.<\/p>\n<p style=\"text-align: justify;\">Desde nuestra creaci\u00f3n, nos hemos especializado en la prestaci\u00f3n de servicios de Rehabilitaci\u00f3n, hoy contamos con 12 a\u00f1os de experiencia en este campo.<\/p>\n<p style=\"text-align: justify;\">MAGNA SALUD cuenta un gran Equipo humano, asistencial y administrativo, quienes trabajando en equipo con total convicci\u00f3n y amor hacia lo que hacen, motivados por la satisfacci\u00f3n de cumplir nuestra misi\u00f3n, contribuyen cada d\u00eda a que se logre el reconocimiento y posicionamiento de nuestra Instituci\u00f3n, basado en la calidad de los servicios que ofrecemos.<\/p>\n<p>[\/vc_column_text][\/vc_column_inner][\/vc_row_inner][\/vc_column][vc_column offset=\u00bbvc_col-lg-6&#8243;][tm_spacer size=\u00bblg:70&#8243;][tm_popup_video style=\u00bbposter-04&#8243; video=\u00bbhttps:\/\/www.youtube.com\/watch?v=pCRdZP5qa38&#8243; poster=\u00bb2835&#8243;][\/vc_column][\/vc_row][vc_row][vc_column][tm_heading custom_google_font=\u00bb\u00bb align=\u00bbcenter\u00bb text=\u00bbNuestras sedes\u00bb font_size=\u00bbxs:36;sm:36;lg:42&#8243;][tm_spacer size=\u00bblg:70&#8243;][vc_tta_tabs][vc_tta_section title=\u00bbSede Tulu\u00e1\u00bb tab_id=\u00bb1672178995291-e4a6784b-d8ac\u00bb][vc_row_inner][vc_column_inner width=\u00bb1\/2&#8243;][tm_spacer size=\u00bblg:80&#8243;][vc_column_text]<\/p>\n<p style=\"text-align: center;\" align=\"center\">Calle 22 # 30-40 Barrio Cespedes<\/p>\n<p style=\"text-align: center;\" align=\"center\">El horario de asignaci\u00f3n de citas es de 08:00am a 11:00am y de 02:00pm a 05:00pm de lunes a viernes Tels: 318 2725981- 318 3696634<\/p>\n<p>[\/vc_column_text][\/vc_column_inner][vc_column_inner width=\u00bb1\/2&#8243;][vc_column_text]<iframe loading=\"lazy\" style=\"border: 0;\" src=\"https:\/\/www.google.com\/maps\/embed?pb=!1m18!1m12!1m3!1d418.3112577021615!2d-76.19336553228632!3d4.087471270651998!2m3!1f0!2f0!3f0!3m2!1i1024!2i768!4f13.1!3m3!1m2!1s0x8e39c5c3758ad2c5%3A0x8a72f25e56a1a3ef!2sCl.%2022%20%2330-40%2C%20Tulu%C3%A1%2C%20Valle%20del%20Cauca!5e0!3m2!1ses-419!2sco!4v1672180043072!5m2!1ses-419!2sco\" width=\"600\" height=\"250\" allowfullscreen=\"allowfullscreen\"><\/iframe>[\/vc_column_text][\/vc_column_inner][\/vc_row_inner][\/vc_tta_section][vc_tta_section title=\u00bbSede Buga\u00bb tab_id=\u00bb1672179027840-715f6635-a9f6&#8243;][vc_row_inner][vc_column_inner width=\u00bb1\/2&#8243;][tm_spacer size=\u00bblg:80&#8243;][vc_column_text]<\/p>\n<p style=\"text-align: center;\" align=\"center\">Calle 5 #9-28 Barrio Jos\u00e9 Mar\u00eda Cabal<\/p>\n<p align=\"center\">El horario de asignaci\u00f3n de citas es de 08:00am a 11:00am y de 02:00pm a 05:00pm de lunes a viernes Tels: 315 5242478 &#8211; 602 2181042<\/p>\n<p>[\/vc_column_text][\/vc_column_inner][vc_column_inner width=\u00bb1\/2&#8243;][vc_column_text]<iframe loading=\"lazy\" style=\"border: 0;\" src=\"https:\/\/www.google.com\/maps\/embed?pb=!1m18!1m12!1m3!1d995.1493639698411!2d-76.29545664341177!3d3.896104225687683!2m3!1f0!2f0!3f0!3m2!1i1024!2i768!4f13.1!3m3!1m2!1s0x8e39e64012a18e7d%3A0xb491ffb002320b1!2sCl.%205%20%235-98%2C%20Guadalajara%20de%20Buga%2C%20Valle%20del%20Cauca!5e0!3m2!1ses-419!2sco!4v1672180481026!5m2!1ses-419!2sco\" width=\"600\" height=\"250\" allowfullscreen=\"allowfullscreen\"><\/iframe>[\/vc_column_text][\/vc_column_inner][\/vc_row_inner][\/vc_tta_section][\/vc_tta_tabs][tm_spacer size=\u00bblg:25&#8243;][vc_column_text]<\/p>\n<p class=\"p1\" style=\"text-align: center;\">LINEA ADMINISTRATIVA: 317 854 04 86<\/p>\n<p>[\/vc_column_text][tm_spacer size=\u00bblg:25&#8243;][\/vc_column][\/vc_row][vc_row full_width=\u00bbstretch_row_content\u00bb background_color=\u00bbcustom\u00bb lg_spacing=\u00bbpadding_top:100;padding_bottom:100&#8243; custom_background_color=\u00bb#F0F4F7&#8243;][vc_column][tm_heading custom_google_font=\u00bb\u00bb align=\u00bbcenter\u00bb text=\u00bbServicios en nuestra cl\u00ednica\u00bb font_size=\u00bbxs:36;sm:36;lg:42&#8243;][tm_spacer size=\u00bblg:20&#8243;][tm_heading tag=\u00bbdiv\u00bb custom_google_font=\u00bb\u00bb align=\u00bbcenter\u00bb text=\u00bbNuestra cl\u00ednica ofrece gran variedad de servicios y estudia constantemente nuevas tecnolog\u00edas para a\u00f1adir nuevos servicios\u00bb font_size=\u00bblg:17&#8243; max_width=\u00bb630px\u00bb][tm_spacer size=\u00bblg:60&#8243;][tm_service style=\u00bbcarousel_02&#8243; carousel_loop=\u00bb\u00bb equal_height=\u00bb1&#8243; carousel_pagination=\u00bb6&#8243; carousel_gutter=\u00bb0&#8243; number=\u00bb23&#8243; orderby=\u00bbparent\u00bb order=\u00bbASC\u00bb carousel_items_display=\u00bbxs:1;sm:2;md:3;lg:4&#8243; carousel_auto_play=\u00bb2000&#8243;][tm_spacer size=\u00bblg:50&#8243;][\/vc_column][\/vc_row][vc_row full_width=\u00bbstretch_row\u00bb background_color=\u00bbprimary\u00bb lg_spacing=\u00bbpadding_top:23;padding_bottom:27&#8243;][vc_column][tm_heading custom_google_font=\u00bb\u00bb align=\u00bbcenter\u00bb text_color=\u00bbcustom\u00bb custom_text_color=\u00bb#ffffff\u00bb icon_type=\u00bbfontawesome5&#8243; icon_fontawesome5=\u00bbfal fa-map-marker-alt\u00bb text=\u00bbNo se salte su chequeo . \u00a1Reservar una cita!\u00bb font_size=\u00bblg:26&#8243; icon_font_size=\u00bblg:36&#8243; link=\u00bbhttps:\/\/magnasaludcolombia.com\/index.php\/book-appointment-1\/\u00bb][\/vc_column][\/vc_row]<\/p>\n<\/section>","protected":false},"excerpt":{"rendered":"<p>[vc_row][vc_column][tm_spacer size=\u00bblg:120&#8243;][\/vc_column][\/vc_row][vc_row][vc_column][tm_spacer size=\u00bblg:70&#8243;][tm_heading custom_google_font=\u00bb\u00bb align=\u00bbcenter\u00bb text=\u00bbUn poco de nuestra historia\u00bb font_size=\u00bbxs:36;sm:36;lg:42&#8243;][\/vc_column][\/vc_row][vc_row full_width=\u00bbstretch_row_content\u00bb content_placement=\u00bbmiddle\u00bb lg_spacing=\u00bbpadding_top:30;padding_bottom:30&#8243; gutter=\u00bbsm:30;md:50;lg:70&#8243;][vc_column offset=\u00bbvc_col-lg-6&#8243;][vc_row_inner content_alignment=\u00bbcenter\u00bb max_width=\u00bb800px\u00bb][vc_column_inner][vc_column_text] MAGNA SALUD nace el 01 de marzo del 2011, brindando otra alternativa en la prestaci\u00f3n de servicios de salud en el \u00e1rea de la Rehabilitaci\u00f3n Integral para el municipio de Tulu\u00e1 y su zona de influencia. Iniciamos nuestra operaci\u00f3n con cuatro servicios, Terapia F\u00edsica, Terapia Respiratoria, Terapia Ocupacional y Terapia de Lenguaje, con el transcurrir de los a\u00f1os hemos incorporado otros servicios como Nutrici\u00f3n, Psicolog\u00eda, Medicina F\u00edsica y Rehabilitaci\u00f3n (fisiatr\u00eda), Terapia Acu\u00e1tica, Rehabilitaci\u00f3n de Piso P\u00e9lvico, Rehabilitaci\u00f3n Cardiaca, Rehabilitaci\u00f3n Pulmonar, Terapia de Neurodesarrollo, Neuropsicolog\u00eda, logrando as\u00ed contribuir en el mejoramiento de la calidad de vida de muchos usuarios. Desde nuestra creaci\u00f3n, nos hemos especializado en la prestaci\u00f3n de servicios de Rehabilitaci\u00f3n, hoy contamos con 12 a\u00f1os de experiencia en este campo. MAGNA SALUD cuenta un gran Equipo humano, asistencial y administrativo, quienes trabajando en equipo con total convicci\u00f3n y amor hacia lo que hacen, motivados por la satisfacci\u00f3n de cumplir nuestra misi\u00f3n, contribuyen cada d\u00eda a que se logre el reconocimiento y posicionamiento de nuestra Instituci\u00f3n, basado en la calidad de los servicios que ofrecemos. [\/vc_column_text][\/vc_column_inner][\/vc_row_inner][\/vc_column][vc_column offset=\u00bbvc_col-lg-6&#8243;][tm_spacer size=\u00bblg:70&#8243;][tm_popup_video style=\u00bbposter-04&#8243; video=\u00bbhttps:\/\/www.youtube.com\/watch?v=pCRdZP5qa38&#8243; poster=\u00bb2835&#8243;][\/vc_column][\/vc_row][vc_row][vc_column][tm_heading custom_google_font=\u00bb\u00bb align=\u00bbcenter\u00bb text=\u00bbNuestras sedes\u00bb font_size=\u00bbxs:36;sm:36;lg:42&#8243;][tm_spacer size=\u00bblg:70&#8243;][vc_tta_tabs][vc_tta_section title=\u00bbSede Tulu\u00e1\u00bb tab_id=\u00bb1672178995291-e4a6784b-d8ac\u00bb][vc_row_inner][vc_column_inner width=\u00bb1\/2&#8243;][tm_spacer size=\u00bblg:80&#8243;][vc_column_text] Calle 22 # 30-40 Barrio Cespedes El horario de asignaci\u00f3n de citas es de 08:00am a 11:00am y de 02:00pm a 05:00pm de lunes a viernes Tels: 318 2725981- 318 3696634 [\/vc_column_text][\/vc_column_inner][vc_column_inner width=\u00bb1\/2&#8243;][vc_column_text][\/vc_column_text][\/vc_column_inner][\/vc_row_inner][\/vc_tta_section][vc_tta_section title=\u00bbSede Buga\u00bb tab_id=\u00bb1672179027840-715f6635-a9f6&#8243;][vc_row_inner][vc_column_inner width=\u00bb1\/2&#8243;][tm_spacer size=\u00bblg:80&#8243;][vc_column_text] Calle 5 #9-28 Barrio Jos\u00e9 Mar\u00eda Cabal El horario de asignaci\u00f3n de citas es de 08:00am a 11:00am y de 02:00pm a 05:00pm de lunes a viernes Tels: 315 5242478 &#8211; 602 2181042 [\/vc_column_text][\/vc_column_inner][vc_column_inner width=\u00bb1\/2&#8243;][vc_column_text][\/vc_column_text][\/vc_column_inner][\/vc_row_inner][\/vc_tta_section][\/vc_tta_tabs][tm_spacer size=\u00bblg:25&#8243;][vc_column_text] LINEA ADMINISTRATIVA: 317 854 04 86 [\/vc_column_text][tm_spacer size=\u00bblg:25&#8243;][\/vc_column][\/vc_row][vc_row full_width=\u00bbstretch_row_content\u00bb background_color=\u00bbcustom\u00bb lg_spacing=\u00bbpadding_top:100;padding_bottom:100&#8243; custom_background_color=\u00bb#F0F4F7&#8243;][vc_column][tm_heading custom_google_font=\u00bb\u00bb align=\u00bbcenter\u00bb text=\u00bbServicios en nuestra cl\u00ednica\u00bb font_size=\u00bbxs:36;sm:36;lg:42&#8243;][tm_spacer size=\u00bblg:20&#8243;][tm_heading tag=\u00bbdiv\u00bb custom_google_font=\u00bb\u00bb align=\u00bbcenter\u00bb text=\u00bbNuestra cl\u00ednica ofrece gran variedad de servicios y estudia constantemente nuevas tecnolog\u00edas para a\u00f1adir nuevos servicios\u00bb font_size=\u00bblg:17&#8243; max_width=\u00bb630px\u00bb][tm_spacer size=\u00bblg:60&#8243;][tm_service style=\u00bbcarousel_02&#8243; carousel_loop=\u00bb\u00bb equal_height=\u00bb1&#8243; carousel_pagination=\u00bb6&#8243; carousel_gutter=\u00bb0&#8243; number=\u00bb23&#8243; orderby=\u00bbparent\u00bb order=\u00bbASC\u00bb carousel_items_display=\u00bbxs:1;sm:2;md:3;lg:4&#8243; carousel_auto_play=\u00bb2000&#8243;][tm_spacer size=\u00bblg:50&#8243;][\/vc_column][\/vc_row][vc_row full_width=\u00bbstretch_row\u00bb background_color=\u00bbprimary\u00bb lg_spacing=\u00bbpadding_top:23;padding_bottom:27&#8243;][vc_column][tm_heading custom_google_font=\u00bb\u00bb align=\u00bbcenter\u00bb text_color=\u00bbcustom\u00bb custom_text_color=\u00bb#ffffff\u00bb icon_type=\u00bbfontawesome5&#8243; icon_fontawesome5=\u00bbfal fa-map-marker-alt\u00bb text=\u00bbNo se salte su chequeo . \u00a1Reservar una cita!\u00bb font_size=\u00bblg:26&#8243; icon_font_size=\u00bblg:36&#8243; link=\u00bbhttps:\/\/magnasaludcolombia.com\/index.php\/book-appointment-1\/\u00bb][\/vc_column][\/vc_row]<\/p>\n","protected":false},"author":1,"featured_media":0,"parent":0,"menu_order":0,"comment_status":"closed","ping_status":"closed","template":"","meta":[],"_links":{"self":[{"href":"https:\/\/magnasaludcolombia.com\/index.php\/wp-json\/wp\/v2\/pages\/7"}],"collection":[{"href":"https:\/\/magnasaludcolombia.com\/index.php\/wp-json\/wp\/v2\/pages"}],"about":[{"href":"https:\/\/magnasaludcolombia.com\/index.php\/wp-json\/wp\/v2\/types\/page"}],"author":[{"embeddable":true,"href":"https:\/\/magnasaludcolombia.com\/index.php\/wp-json\/wp\/v2\/users\/1"}],"replies":[{"embeddable":true,"href":"https:\/\/magnasaludcolombia.com\/index.php\/wp-json\/wp\/v2\/comments?post=7"}],"version-history":[{"count":136,"href":"https:\/\/magnasaludcolombia.com\/index.php\/wp-json\/wp\/v2\/pages\/7\/revisions"}],"predecessor-version":[{"id":3328,"href":"https:\/\/magnasaludcolombia.com\/index.php\/wp-json\/wp\/v2\/pages\/7\/revisions\/3328"}],"wp:attachment":[{"href":"https:\/\/magnasaludcolombia.com\/index.php\/wp-json\/wp\/v2\/media?parent=7"}],"curies":[{"name":"wp","href":"https:\/\/api.w.org\/{rel}","templated":true}]}}